{"id":4465,"date":"2023-03-17T12:41:47","date_gmt":"2023-03-17T16:41:47","guid":{"rendered":"https:\/\/aromesetsaveurs.ca\/?page_id=4465"},"modified":"2023-03-20T10:16:23","modified_gmt":"2023-03-20T14:16:23","slug":"concertsshows","status":"publish","type":"page","link":"https:\/\/aromesetsaveurs.ca\/en\/concertsshows\/","title":{"rendered":"Concerts | Shows"},"content":{"rendered":"\t\t<div data-elementor-type=\"wp-page\" data-elementor-id=\"4465\" class=\"elementor elementor-4465\" data-elementor-post-type=\"page\">\n\t\t\t\t\t\t<section class=\"elementor-section elementor-top-section elementor-element elementor-element-39f1139d elementor-section-height-min-height elementor-section-stretched elementor-section-boxed elementor-section-height-default elementor-section-items-middle\" data-id=\"39f1139d\" data-element_type=\"section\" data-settings=\"{&quot;stretch_section&quot;:&quot;section-stretched&quot;,&quot;jet_parallax_layout_list&quot;:[],&quot;background_background&quot;:&quot;classic&quot;}\">\n\t\t\t\t\t\t<div class=\"elementor-container elementor-column-gap-default\">\n\t\t\t\t\t<div class=\"elementor-column elementor-col-100 elementor-top-column elementor-element elementor-element-6a4e1b0\" data-id=\"6a4e1b0\" data-element_type=\"column\">\n\t\t\t<div class=\"elementor-widget-wrap elementor-element-populated\">\n\t\t\t\t\t\t<div class=\"elementor-element elementor-element-7171a09 elementor-widget elementor-widget-text-editor\" data-id=\"7171a09\" data-element_type=\"widget\" data-widget_type=\"text-editor.default\">\n\t\t\t\t<div class=\"elementor-widget-container\">\n\t\t\t\t\t\t\t\t\t<p><span style=\"color: #ffffff;\">CONCERTS | SHOWS<\/span><\/p>\t\t\t\t\t\t\t\t<\/div>\n\t\t\t\t<\/div>\n\t\t\t\t\t<\/div>\n\t\t<\/div>\n\t\t\t\t\t<\/div>\n\t\t<\/section>\n\t\t\t\t<section class=\"elementor-section elementor-top-section elementor-element elementor-element-6782372 elementor-section-boxed elementor-section-height-default elementor-section-height-default\" data-id=\"6782372\" data-element_type=\"section\" data-settings=\"{&quot;jet_parallax_layout_list&quot;:[],&quot;background_background&quot;:&quot;classic&quot;}\">\n\t\t\t\t\t\t<div class=\"elementor-container elementor-column-gap-default\">\n\t\t\t\t\t<div class=\"elementor-column elementor-col-100 elementor-top-column elementor-element elementor-element-ab64b4b\" data-id=\"ab64b4b\" data-element_type=\"column\" data-settings=\"{&quot;background_background&quot;:&quot;classic&quot;}\">\n\t\t\t<div class=\"elementor-widget-wrap elementor-element-populated\">\n\t\t\t\t\t\t<div class=\"elementor-element elementor-element-fffa2e3 elementor-widget elementor-widget-spacer\" data-id=\"fffa2e3\" data-element_type=\"widget\" data-widget_type=\"spacer.default\">\n\t\t\t\t<div class=\"elementor-widget-container\">\n\t\t\t\t\t\t\t<div class=\"elementor-spacer\">\n\t\t\t<div class=\"elementor-spacer-inner\"><\/div>\n\t\t<\/div>\n\t\t\t\t\t\t<\/div>\n\t\t\t\t<\/div>\n\t\t\t\t<div class=\"elementor-element elementor-element-bb9cf4a elementor-widget elementor-widget-heading\" data-id=\"bb9cf4a\" data-element_type=\"widget\" data-widget_type=\"heading.default\">\n\t\t\t\t<div class=\"elementor-widget-container\">\n\t\t\t\t\t<h2 class=\"elementor-heading-title elementor-size-default\">FESTIVAL D'\u00c9T\u00c9 DE LANAUDI\u00c8RE<\/h2>\t\t\t\t<\/div>\n\t\t\t\t<\/div>\n\t\t\t\t<div class=\"elementor-element elementor-element-2ab65aa elementor-widget elementor-widget-heading\" data-id=\"2ab65aa\" data-element_type=\"widget\" data-widget_type=\"heading.default\">\n\t\t\t\t<div class=\"elementor-widget-container\">\n\t\t\t\t\t<h2 class=\"elementor-heading-title elementor-size-default\">PICNIC CONCERT<\/h2>\t\t\t\t<\/div>\n\t\t\t\t<\/div>\n\t\t\t\t<div class=\"elementor-element elementor-element-3e92a6d elementor-widget elementor-widget-text-editor\" data-id=\"3e92a6d\" data-element_type=\"widget\" data-widget_type=\"text-editor.default\">\n\t\t\t\t<div class=\"elementor-widget-container\">\n\t\t\t\t\t\t\t\t\t<p style=\"text-align: center;\">Saturday, the 15th of July 2023<\/p><p style=\"font-weight: 400; text-align: center;\"><a href=\"applewebdata:\/\/248B133A-B63A-4E29-B897-4139FDCBA433\/aromesetsaveurs.ca\">Les Jardins ar\u00f4mes &amp; saveurs<\/a> invites you to live an immersive experience that will delight your five senses with a picnic\/concert, in collaboration with <a href=\"https:\/\/lanaudiere.org\/fr\/programmation\/le-violoncelle-en-2-temps\/\">Le Festival d&#8217;\u00e9t\u00e9 de Lanaudi\u00e8re<\/a>, featuring, in an intimate recital, the talented cellist , No\u00e9mie Raymond-Friset.<\/p><p style=\"text-align: center;\">In the form of a picnic and a show, treat yourself to an experience where the sound of the cello and the sweet scent of lavender intertwine and suspend time.<\/p>\t\t\t\t\t\t\t\t<\/div>\n\t\t\t\t<\/div>\n\t\t\t\t<div class=\"elementor-element elementor-element-ecc4b4c elementor-widget elementor-widget-heading\" data-id=\"ecc4b4c\" data-element_type=\"widget\" data-widget_type=\"heading.default\">\n\t\t\t\t<div class=\"elementor-widget-container\">\n\t\t\t\t\t<h2 class=\"elementor-heading-title elementor-size-default\">Takes place<\/h2>\t\t\t\t<\/div>\n\t\t\t\t<\/div>\n\t\t\t\t<div class=\"elementor-element elementor-element-878e25b elementor-widget elementor-widget-text-editor\" data-id=\"878e25b\" data-element_type=\"widget\" data-widget_type=\"text-editor.default\">\n\t\t\t\t<div class=\"elementor-widget-container\">\n\t\t\t\t\t\t\t\t\t<div style=\"text-align: center;\">11:30 \u00e0 12:30 Concert beneath the marquee<\/div>\n<div style=\"text-align: center;\">12:30 \u00e0 14:00 Lavender Picnic<\/div>\n\t\t\t\t\t\t\t\t<\/div>\n\t\t\t\t<\/div>\n\t\t\t\t<div class=\"elementor-element elementor-element-9e9f441 elementor-widget elementor-widget-spacer\" data-id=\"9e9f441\" data-element_type=\"widget\" data-widget_type=\"spacer.default\">\n\t\t\t\t<div class=\"elementor-widget-container\">\n\t\t\t\t\t\t\t<div class=\"elementor-spacer\">\n\t\t\t<div class=\"elementor-spacer-inner\"><\/div>\n\t\t<\/div>\n\t\t\t\t\t\t<\/div>\n\t\t\t\t<\/div>\n\t\t\t\t<div class=\"elementor-element elementor-element-9aac746 elementor-widget elementor-widget-heading\" data-id=\"9aac746\" data-element_type=\"widget\" data-widget_type=\"heading.default\">\n\t\t\t\t<div class=\"elementor-widget-container\">\n\t\t\t\t\t<h2 class=\"elementor-heading-title elementor-size-default\">Lavender Picnic Menu<\/h2>\t\t\t\t<\/div>\n\t\t\t\t<\/div>\n\t\t\t\t<div class=\"elementor-element elementor-element-a837d6f elementor-widget elementor-widget-image\" data-id=\"a837d6f\" data-element_type=\"widget\" data-widget_type=\"image.default\">\n\t\t\t\t<div class=\"elementor-widget-container\">\n\t\t\t\t\t\t\t\t\t\t\t\t\t\t\t<img fetchpriority=\"high\" decoding=\"async\" width=\"683\" height=\"1024\" src=\"https:\/\/aromesetsaveurs.ca\/wp-content\/uploads\/2023\/03\/Menu-Picnic-Concert-English-683x1024.jpg\" class=\"attachment-large size-large wp-image-4669\" alt=\"\" srcset=\"https:\/\/aromesetsaveurs.ca\/wp-content\/uploads\/2023\/03\/Menu-Picnic-Concert-English-683x1024.jpg 683w, https:\/\/aromesetsaveurs.ca\/wp-content\/uploads\/2023\/03\/Menu-Picnic-Concert-English-200x300.jpg 200w, https:\/\/aromesetsaveurs.ca\/wp-content\/uploads\/2023\/03\/Menu-Picnic-Concert-English-768x1152.jpg 768w, https:\/\/aromesetsaveurs.ca\/wp-content\/uploads\/2023\/03\/Menu-Picnic-Concert-English-600x900.jpg 600w, https:\/\/aromesetsaveurs.ca\/wp-content\/uploads\/2023\/03\/Menu-Picnic-Concert-English.jpg 800w\" sizes=\"(max-width: 683px) 100vw, 683px\" \/>\t\t\t\t\t\t\t\t\t\t\t\t\t\t\t<\/div>\n\t\t\t\t<\/div>\n\t\t\t\t<div class=\"elementor-element elementor-element-ef9ab5c elementor-widget elementor-widget-text-editor\" data-id=\"ef9ab5c\" data-element_type=\"widget\" data-widget_type=\"text-editor.default\">\n\t\t\t\t<div class=\"elementor-widget-container\">\n\t\t\t\t\t\t\t\t\t<p style=\"text-align: center;\">Please let us know of any food allergies or mobility assistance at:\u00a0<a class=\"ms-outlook-linkify\" href=\"mailto:info@aromesetsaveurs.ca\">info@aromesetsaveurs.ca<\/a> ou 450-898-6868.<\/p>\t\t\t\t\t\t\t\t<\/div>\n\t\t\t\t<\/div>\n\t\t\t\t<div class=\"elementor-element elementor-element-42499a3 elementor-widget elementor-widget-spacer\" data-id=\"42499a3\" data-element_type=\"widget\" data-widget_type=\"spacer.default\">\n\t\t\t\t<div class=\"elementor-widget-container\">\n\t\t\t\t\t\t\t<div class=\"elementor-spacer\">\n\t\t\t<div class=\"elementor-spacer-inner\"><\/div>\n\t\t<\/div>\n\t\t\t\t\t\t<\/div>\n\t\t\t\t<\/div>\n\t\t\t\t<div class=\"elementor-element elementor-element-dcf0936 elementor-widget elementor-widget-heading\" data-id=\"dcf0936\" data-element_type=\"widget\" data-widget_type=\"heading.default\">\n\t\t\t\t<div class=\"elementor-widget-container\">\n\t\t\t\t\t<h2 class=\"elementor-heading-title elementor-size-default\">Price<\/h2>\t\t\t\t<\/div>\n\t\t\t\t<\/div>\n\t\t\t\t<div class=\"elementor-element elementor-element-012a748 elementor-widget elementor-widget-text-editor\" data-id=\"012a748\" data-element_type=\"widget\" data-widget_type=\"text-editor.default\">\n\t\t\t\t<div class=\"elementor-widget-container\">\n\t\t\t\t\t\t\t\t\t<div style=\"text-align: center;\">Picnic &amp; Show Package<\/div>\t\t\t\t\t\t\t\t<\/div>\n\t\t\t\t<\/div>\n\t\t\t\t<div class=\"elementor-element elementor-element-f03328e elementor-widget elementor-widget-text-editor\" data-id=\"f03328e\" data-element_type=\"widget\" data-widget_type=\"text-editor.default\">\n\t\t\t\t<div class=\"elementor-widget-container\">\n\t\t\t\t\t\t\t\t\t<p style=\"text-align: center;\">$ 47 + taxes<\/p>\t\t\t\t\t\t\t\t<\/div>\n\t\t\t\t<\/div>\n\t\t\t\t<div class=\"elementor-element elementor-element-3fb7965 elementor-widget elementor-widget-text-editor\" data-id=\"3fb7965\" data-element_type=\"widget\" data-widget_type=\"text-editor.default\">\n\t\t\t\t<div class=\"elementor-widget-container\">\n\t\t\t\t\t\t\t\t\t<p style=\"text-align: center;\">Details and purchase of tickets online via the Festival d\u2019\u00e9t\u00e9 de Lanaudi\u00e8re platform.<\/p>\t\t\t\t\t\t\t\t<\/div>\n\t\t\t\t<\/div>\n\t\t\t\t\t<\/div>\n\t\t<\/div>\n\t\t\t\t\t<\/div>\n\t\t<\/section>\n\t\t\t\t<section class=\"elementor-section elementor-top-section elementor-element elementor-element-a13f6d8 elementor-section-boxed elementor-section-height-default elementor-section-height-default\" data-id=\"a13f6d8\" data-element_type=\"section\" data-settings=\"{&quot;jet_parallax_layout_list&quot;:[]}\">\n\t\t\t\t\t\t<div class=\"elementor-container elementor-column-gap-default\">\n\t\t\t\t\t<div class=\"elementor-column elementor-col-100 elementor-top-column elementor-element elementor-element-3d57ffb\" data-id=\"3d57ffb\" data-element_type=\"column\">\n\t\t\t<div class=\"elementor-widget-wrap elementor-element-populated\">\n\t\t\t\t\t\t<div class=\"elementor-element elementor-element-261ec3a elementor-align-center elementor-widget elementor-widget-button\" data-id=\"261ec3a\" data-element_type=\"widget\" data-widget_type=\"button.default\">\n\t\t\t\t<div class=\"elementor-widget-container\">\n\t\t\t\t\t\t\t\t\t<div class=\"elementor-button-wrapper\">\n\t\t\t\t\t<a class=\"elementor-button elementor-button-link elementor-size-lg\" href=\"https:\/\/www.zeffy.com\/fr-CA\/ticketing\/b3736679-7f59-4f0f-a369-57095a21dc54\">\n\t\t\t\t\t\t<span class=\"elementor-button-content-wrapper\">\n\t\t\t\t\t\t<span class=\"elementor-button-icon\">\n\t\t\t\t<i aria-hidden=\"true\" class=\"fas fa-ticket-alt\"><\/i>\t\t\t<\/span>\n\t\t\t\t\t\t\t\t\t<span class=\"elementor-button-text\">This way!<\/span>\n\t\t\t\t\t<\/span>\n\t\t\t\t\t<\/a>\n\t\t\t\t<\/div>\n\t\t\t\t\t\t\t\t<\/div>\n\t\t\t\t<\/div>\n\t\t\t\t<div class=\"elementor-element elementor-element-c36ab2b elementor-widget elementor-widget-spacer\" data-id=\"c36ab2b\" data-element_type=\"widget\" data-widget_type=\"spacer.default\">\n\t\t\t\t<div class=\"elementor-widget-container\">\n\t\t\t\t\t\t\t<div class=\"elementor-spacer\">\n\t\t\t<div class=\"elementor-spacer-inner\"><\/div>\n\t\t<\/div>\n\t\t\t\t\t\t<\/div>\n\t\t\t\t<\/div>\n\t\t\t\t<div class=\"elementor-element elementor-element-33b81ed elementor-widget elementor-widget-image\" data-id=\"33b81ed\" data-element_type=\"widget\" data-widget_type=\"image.default\">\n\t\t\t\t<div class=\"elementor-widget-container\">\n\t\t\t\t\t\t\t\t\t\t\t\t\t\t\t<img decoding=\"async\" width=\"500\" height=\"500\" src=\"https:\/\/aromesetsaveurs.ca\/wp-content\/uploads\/2023\/03\/violoncelle-lesjardins.png\" class=\"attachment-large size-large wp-image-4381\" alt=\"\" srcset=\"https:\/\/aromesetsaveurs.ca\/wp-content\/uploads\/2023\/03\/violoncelle-lesjardins.png 500w, https:\/\/aromesetsaveurs.ca\/wp-content\/uploads\/2023\/03\/violoncelle-lesjardins-300x300.png 300w, https:\/\/aromesetsaveurs.ca\/wp-content\/uploads\/2023\/03\/violoncelle-lesjardins-150x150.png 150w, https:\/\/aromesetsaveurs.ca\/wp-content\/uploads\/2023\/03\/violoncelle-lesjardins-100x100.png 100w, https:\/\/aromesetsaveurs.ca\/wp-content\/uploads\/2023\/03\/violoncelle-lesjardins-50x50.png 50w\" sizes=\"(max-width: 500px) 100vw, 500px\" \/>\t\t\t\t\t\t\t\t\t\t\t\t\t\t\t<\/div>\n\t\t\t\t<\/div>\n\t\t\t\t\t<\/div>\n\t\t<\/div>\n\t\t\t\t\t<\/div>\n\t\t<\/section>\n\t\t\t\t<\/div>\n\t\t","protected":false},"excerpt":{"rendered":"<p>CONCERTS | SHOWS FESTIVAL D&#8217;\u00c9T\u00c9 DE LANAUDI\u00c8RE PICNIC CONCERT Saturday, the 15th of July 2023 Les Jardins ar\u00f4mes &amp; saveurs invites you to live an immersive experience that will delight your five senses with a picnic\/concert, in collaboration with Le Festival d&#8217;\u00e9t\u00e9 de Lanaudi\u00e8re, featuring, in an intimate recital, the talented cellist , No\u00e9mie Raymond-Friset. [&hellip;]<\/p>\n","protected":false},"author":7,"featured_media":0,"parent":0,"menu_order":0,"comment_status":"closed","ping_status":"closed","template":"elementor_canvas","meta":{"_acf_changed":false,"footnotes":""},"class_list":["post-4465","page","type-page","status-publish","hentry"],"acf":[],"yoast_head":"<!-- This site is optimized with the Yoast SEO plugin v25.0 - https:\/\/yoast.com\/wordpress\/plugins\/seo\/ -->\n<title>Concerts | Shows - Les Jardins de Lavande Ar\u00f4mes et Saveurs<\/title>\n<meta name=\"robots\" content=\"index, follow, max-snippet:-1, max-image-preview:large, max-video-preview:-1\" \/>\n<link rel=\"canonical\" href=\"https:\/\/aromesetsaveurs.ca\/en\/concertsshows\/\" \/>\n<meta property=\"og:locale\" content=\"en_US\" \/>\n<meta property=\"og:type\" content=\"article\" \/>\n<meta property=\"og:title\" content=\"Concerts | Shows - Les Jardins de Lavande Ar\u00f4mes et Saveurs\" \/>\n<meta property=\"og:description\" content=\"CONCERTS | SHOWS FESTIVAL D&#8217;\u00c9T\u00c9 DE LANAUDI\u00c8RE PICNIC CONCERT Saturday, the 15th of July 2023 Les Jardins ar\u00f4mes &amp; saveurs invites you to live an immersive experience that will delight your five senses with a picnic\/concert, in collaboration with Le Festival d&#8217;\u00e9t\u00e9 de Lanaudi\u00e8re, featuring, in an intimate recital, the talented cellist , No\u00e9mie Raymond-Friset. [&hellip;]\" \/>\n<meta property=\"og:url\" content=\"https:\/\/aromesetsaveurs.ca\/en\/concertsshows\/\" \/>\n<meta property=\"og:site_name\" content=\"Les Jardins de Lavande Ar\u00f4mes et Saveurs\" \/>\n<meta property=\"article:modified_time\" content=\"2023-03-20T14:16:23+00:00\" \/>\n<meta property=\"og:image\" content=\"https:\/\/aromesetsaveurs.ca\/wp-content\/uploads\/2023\/03\/Menu-Picnic-Concert-English-683x1024.jpg\" \/>\n<meta name=\"twitter:card\" content=\"summary_large_image\" \/>\n<meta name=\"twitter:label1\" content=\"Est. reading time\" \/>\n\t<meta name=\"twitter:data1\" content=\"2 minutes\" \/>\n<script type=\"application\/ld+json\" class=\"yoast-schema-graph\">{\"@context\":\"https:\/\/schema.org\",\"@graph\":[{\"@type\":\"WebPage\",\"@id\":\"https:\/\/aromesetsaveurs.ca\/en\/concertsshows\/\",\"url\":\"https:\/\/aromesetsaveurs.ca\/en\/concertsshows\/\",\"name\":\"Concerts | Shows - Les Jardins de Lavande Ar\u00f4mes et Saveurs\",\"isPartOf\":{\"@id\":\"https:\/\/aromesetsaveurs.ca\/en\/#website\"},\"primaryImageOfPage\":{\"@id\":\"https:\/\/aromesetsaveurs.ca\/en\/concertsshows\/#primaryimage\"},\"image\":{\"@id\":\"https:\/\/aromesetsaveurs.ca\/en\/concertsshows\/#primaryimage\"},\"thumbnailUrl\":\"https:\/\/aromesetsaveurs.ca\/wp-content\/uploads\/2023\/03\/Menu-Picnic-Concert-English-683x1024.jpg\",\"datePublished\":\"2023-03-17T16:41:47+00:00\",\"dateModified\":\"2023-03-20T14:16:23+00:00\",\"breadcrumb\":{\"@id\":\"https:\/\/aromesetsaveurs.ca\/en\/concertsshows\/#breadcrumb\"},\"inLanguage\":\"en-US\",\"potentialAction\":[{\"@type\":\"ReadAction\",\"target\":[\"https:\/\/aromesetsaveurs.ca\/en\/concertsshows\/\"]}]},{\"@type\":\"ImageObject\",\"inLanguage\":\"en-US\",\"@id\":\"https:\/\/aromesetsaveurs.ca\/en\/concertsshows\/#primaryimage\",\"url\":\"https:\/\/aromesetsaveurs.ca\/wp-content\/uploads\/2023\/03\/Menu-Picnic-Concert-English-683x1024.jpg\",\"contentUrl\":\"https:\/\/aromesetsaveurs.ca\/wp-content\/uploads\/2023\/03\/Menu-Picnic-Concert-English-683x1024.jpg\"},{\"@type\":\"BreadcrumbList\",\"@id\":\"https:\/\/aromesetsaveurs.ca\/en\/concertsshows\/#breadcrumb\",\"itemListElement\":[{\"@type\":\"ListItem\",\"position\":1,\"name\":\"Home\",\"item\":\"https:\/\/aromesetsaveurs.ca\/en\/\"},{\"@type\":\"ListItem\",\"position\":2,\"name\":\"Concerts | Shows\"}]},{\"@type\":\"WebSite\",\"@id\":\"https:\/\/aromesetsaveurs.ca\/en\/#website\",\"url\":\"https:\/\/aromesetsaveurs.ca\/en\/\",\"name\":\"Les Jardins de Lavande Ar\u00f4mes et Saveurs\",\"description\":\"Lavande et fines herbes\",\"potentialAction\":[{\"@type\":\"SearchAction\",\"target\":{\"@type\":\"EntryPoint\",\"urlTemplate\":\"https:\/\/aromesetsaveurs.ca\/en\/?s={search_term_string}\"},\"query-input\":{\"@type\":\"PropertyValueSpecification\",\"valueRequired\":true,\"valueName\":\"search_term_string\"}}],\"inLanguage\":\"en-US\"}]}<\/script>\n<!-- \/ Yoast SEO plugin. -->","yoast_head_json":{"title":"Concerts | Shows - Les Jardins de Lavande Ar\u00f4mes et Saveurs","robots":{"index":"index","follow":"follow","max-snippet":"max-snippet:-1","max-image-preview":"max-image-preview:large","max-video-preview":"max-video-preview:-1"},"canonical":"https:\/\/aromesetsaveurs.ca\/en\/concertsshows\/","og_locale":"en_US","og_type":"article","og_title":"Concerts | Shows - Les Jardins de Lavande Ar\u00f4mes et Saveurs","og_description":"CONCERTS | SHOWS FESTIVAL D&#8217;\u00c9T\u00c9 DE LANAUDI\u00c8RE PICNIC CONCERT Saturday, the 15th of July 2023 Les Jardins ar\u00f4mes &amp; saveurs invites you to live an immersive experience that will delight your five senses with a picnic\/concert, in collaboration with Le Festival d&#8217;\u00e9t\u00e9 de Lanaudi\u00e8re, featuring, in an intimate recital, the talented cellist , No\u00e9mie Raymond-Friset. [&hellip;]","og_url":"https:\/\/aromesetsaveurs.ca\/en\/concertsshows\/","og_site_name":"Les Jardins de Lavande Ar\u00f4mes et Saveurs","article_modified_time":"2023-03-20T14:16:23+00:00","og_image":[{"url":"https:\/\/aromesetsaveurs.ca\/wp-content\/uploads\/2023\/03\/Menu-Picnic-Concert-English-683x1024.jpg","type":"","width":"","height":""}],"twitter_card":"summary_large_image","twitter_misc":{"Est. reading time":"2 minutes"},"schema":{"@context":"https:\/\/schema.org","@graph":[{"@type":"WebPage","@id":"https:\/\/aromesetsaveurs.ca\/en\/concertsshows\/","url":"https:\/\/aromesetsaveurs.ca\/en\/concertsshows\/","name":"Concerts | Shows - Les Jardins de Lavande Ar\u00f4mes et Saveurs","isPartOf":{"@id":"https:\/\/aromesetsaveurs.ca\/en\/#website"},"primaryImageOfPage":{"@id":"https:\/\/aromesetsaveurs.ca\/en\/concertsshows\/#primaryimage"},"image":{"@id":"https:\/\/aromesetsaveurs.ca\/en\/concertsshows\/#primaryimage"},"thumbnailUrl":"https:\/\/aromesetsaveurs.ca\/wp-content\/uploads\/2023\/03\/Menu-Picnic-Concert-English-683x1024.jpg","datePublished":"2023-03-17T16:41:47+00:00","dateModified":"2023-03-20T14:16:23+00:00","breadcrumb":{"@id":"https:\/\/aromesetsaveurs.ca\/en\/concertsshows\/#breadcrumb"},"inLanguage":"en-US","potentialAction":[{"@type":"ReadAction","target":["https:\/\/aromesetsaveurs.ca\/en\/concertsshows\/"]}]},{"@type":"ImageObject","inLanguage":"en-US","@id":"https:\/\/aromesetsaveurs.ca\/en\/concertsshows\/#primaryimage","url":"https:\/\/aromesetsaveurs.ca\/wp-content\/uploads\/2023\/03\/Menu-Picnic-Concert-English-683x1024.jpg","contentUrl":"https:\/\/aromesetsaveurs.ca\/wp-content\/uploads\/2023\/03\/Menu-Picnic-Concert-English-683x1024.jpg"},{"@type":"BreadcrumbList","@id":"https:\/\/aromesetsaveurs.ca\/en\/concertsshows\/#breadcrumb","itemListElement":[{"@type":"ListItem","position":1,"name":"Home","item":"https:\/\/aromesetsaveurs.ca\/en\/"},{"@type":"ListItem","position":2,"name":"Concerts | Shows"}]},{"@type":"WebSite","@id":"https:\/\/aromesetsaveurs.ca\/en\/#website","url":"https:\/\/aromesetsaveurs.ca\/en\/","name":"Les Jardins de Lavande Ar\u00f4mes et Saveurs","description":"Lavande et fines herbes","potentialAction":[{"@type":"SearchAction","target":{"@type":"EntryPoint","urlTemplate":"https:\/\/aromesetsaveurs.ca\/en\/?s={search_term_string}"},"query-input":{"@type":"PropertyValueSpecification","valueRequired":true,"valueName":"search_term_string"}}],"inLanguage":"en-US"}]}},"_links":{"self":[{"href":"https:\/\/aromesetsaveurs.ca\/en\/wp-json\/wp\/v2\/pages\/4465","targetHints":{"allow":["GET"]}}],"collection":[{"href":"https:\/\/aromesetsaveurs.ca\/en\/wp-json\/wp\/v2\/pages"}],"about":[{"href":"https:\/\/aromesetsaveurs.ca\/en\/wp-json\/wp\/v2\/types\/page"}],"author":[{"embeddable":true,"href":"https:\/\/aromesetsaveurs.ca\/en\/wp-json\/wp\/v2\/users\/7"}],"replies":[{"embeddable":true,"href":"https:\/\/aromesetsaveurs.ca\/en\/wp-json\/wp\/v2\/comments?post=4465"}],"version-history":[{"count":29,"href":"https:\/\/aromesetsaveurs.ca\/en\/wp-json\/wp\/v2\/pages\/4465\/revisions"}],"predecessor-version":[{"id":4673,"href":"https:\/\/aromesetsaveurs.ca\/en\/wp-json\/wp\/v2\/pages\/4465\/revisions\/4673"}],"wp:attachment":[{"href":"https:\/\/aromesetsaveurs.ca\/en\/wp-json\/wp\/v2\/media?parent=4465"}],"curies":[{"name":"wp","href":"https:\/\/api.w.org\/{rel}","templated":true}]}}